{"id":20,"date":"2021-07-07T21:44:49","date_gmt":"2021-07-08T00:44:49","guid":{"rendered":"https:\/\/congressosindepol.com.br\/?page_id=20"},"modified":"2025-11-05T15:53:11","modified_gmt":"2025-11-05T18:53:11","slug":"palestrantes","status":"publish","type":"page","link":"https:\/\/congressosindepol.com.br\/2025\/palestrantes\/","title":{"rendered":"Palestrantes"},"content":{"rendered":"\t\t<div data-elementor-type=\"wp-page\" data-elementor-id=\"20\" class=\"elementor elementor-20\" data-elementor-post-type=\"page\">\n\t\t\t\t\t\t<section class=\"elementor-section elementor-top-section elementor-element elementor-element-762618fa elementor-section-height-min-height elementor-section-boxed elementor-section-height-default elementor-section-items-middle\" data-id=\"762618fa\" data-element_type=\"section\" data-e-type=\"section\" data-settings=\"{&quot;background_background&quot;:&quot;classic&quot;}\">\n\t\t\t\t\t\t\t<div class=\"elementor-background-overlay\"><\/div>\n\t\t\t\t\t\t\t<div class=\"elementor-container elementor-column-gap-default\">\n\t\t\t\t\t<div class=\"elementor-column elementor-col-100 elementor-top-column elementor-element elementor-element-13e6342\" data-id=\"13e6342\" data-element_type=\"column\" data-e-type=\"column\">\n\t\t\t<div class=\"elementor-widget-wrap elementor-element-populated\">\n\t\t\t\t\t\t<div class=\"elementor-element elementor-element-87427c5 elementor-widget elementor-widget-theme-post-title elementor-page-title elementor-widget-heading\" data-id=\"87427c5\" data-element_type=\"widget\" data-e-type=\"widget\" data-widget_type=\"theme-post-title.default\">\n\t\t\t\t<div class=\"elementor-widget-container\">\n\t\t\t\t\t<h1 class=\"elementor-heading-title elementor-size-default\">Palestrantes<\/h1>\t\t\t\t<\/div>\n\t\t\t\t<\/div>\n\t\t\t\t\t<\/div>\n\t\t<\/div>\n\t\t\t\t\t<\/div>\n\t\t<\/section>\n\t\t\t\t<section class=\"elementor-section elementor-top-section elementor-element elementor-element-42f33512 elementor-section-boxed elementor-section-height-default elementor-section-height-default\" data-id=\"42f33512\" data-element_type=\"section\" data-e-type=\"section\">\n\t\t\t\t\t\t<div class=\"elementor-container elementor-column-gap-default\">\n\t\t\t\t\t<div class=\"elementor-column elementor-col-25 elementor-top-column elementor-element elementor-element-ca45480\" data-id=\"ca45480\" data-element_type=\"column\" data-e-type=\"column\">\n\t\t\t<div class=\"elementor-widget-wrap elementor-element-populated\">\n\t\t\t\t\t\t<div class=\"elementor-element elementor-element-5fa2bbc elementor-widget elementor-widget-elementskit-team\" data-id=\"5fa2bbc\" data-element_type=\"widget\" data-e-type=\"widget\" data-widget_type=\"elementskit-team.default\">\n\t\t\t\t<div class=\"elementor-widget-container\">\n\t\t\t\t\t<div class=\"ekit-wid-con\">\t\t\t\t\t\t\t\t\n\t\t<div class=\"profile-card elementor-animation- text-center ekit-team-style-default\">\n\t\t\t\t\t\t\t<a aria-label=\"profile\" href=\"javascript:void(0)\" data-mfp-src=\"#ekit_team_modal_5fa2bbc_20\" class=\"ekit-team-popup\">\n\t\t\t\n\t\t\t\t<div class=\"profile-header ekit-team-img ekit-img-overlay ekit-team-img-block\"  data-toggle=\"modal\" data-target=\"ekit_team_modal_#5fa2bbc_20\" >\n\t\t\t\t\t<img fetchpriority=\"high\" decoding=\"async\" width=\"800\" height=\"800\" src=\"https:\/\/congressosindepol.com.br\/2025\/wp-content\/uploads\/2025\/11\/Ugo_headshot-1024x1024.png\" class=\"attachment-large size-large wp-image-2181\" alt=\"\" srcset=\"https:\/\/congressosindepol.com.br\/2025\/wp-content\/uploads\/2025\/11\/Ugo_headshot-1024x1024.png 1024w, https:\/\/congressosindepol.com.br\/2025\/wp-content\/uploads\/2025\/11\/Ugo_headshot-300x300.png 300w, https:\/\/congressosindepol.com.br\/2025\/wp-content\/uploads\/2025\/11\/Ugo_headshot-150x150.png 150w, https:\/\/congressosindepol.com.br\/2025\/wp-content\/uploads\/2025\/11\/Ugo_headshot-768x768.png 768w, https:\/\/congressosindepol.com.br\/2025\/wp-content\/uploads\/2025\/11\/Ugo_headshot.png 1066w\" sizes=\"(max-width: 800px) 100vw, 800px\" \/>\t\t\t\t<\/div><!-- .profile-header END -->\n\t\t\t\t\t\t\t<\/a>\n\t\t\t\n\n\t\t\t\t<div class=\"profile-body\">\n\t\t\t\t\t\n\t\t\t\t\t<h2 class=\"profile-title\">\n\t\t\t\t\t\t\t\t\t\t\t<a aria-label=\"profile\" href=\"javascript:void(0)\" data-mfp-src=\"#ekit_team_modal_5fa2bbc_20\" class=\"ekit-team-popup\">\n\t\t\t\t\t\tUgo Portela\t\t\t\t\t\t<\/a>\n\t\t\t\t\t\t\t\t\t\t\t<\/h2>\n\t\t\t\t\t<p class=\"profile-designation\">Ver curr\u00edculo<\/p>\n\t\t\t\t\t\t\t\t\t<\/div><!-- .profile-body END -->\n\n\t\t\t\t\t\t\t\t<\/div>\n\t\t\t\t\t\t\t\n\t\t\t\n\t\t\t\t\t<div class=\"zoom-anim-dialog mfp-hide elementskit-team-popup team-popup-id-5fa2bbc\" id=\"ekit_team_modal_5fa2bbc_20\" tabindex=\"-1\" role=\"dialog\" aria-hidden=\"true\">\n\t\t\t\t<div class=\"modal-dialog modal-dialog-centered\" role=\"document\">\n\t\t\t\t\t<div class=\"modal-content\">\n\t\t\t\t\t\t<button type=\"button\" class=\"ekit-team-modal-close\">\n\t\t\t\t\t\t\t<i aria-hidden=\"true\" class=\"fas fa-times\"><\/i>\t\t\t\t\t\t<\/button>\n\n\t\t\t\t\t\t<div class=\"modal-body\">\n\t\t\t\t\t\t\t\t\t\t\t\t\t\t\t<div class=\"ekit-team-modal-img\">\n\t\t\t\t\t\t\t\t\t<img fetchpriority=\"high\" decoding=\"async\" width=\"800\" height=\"800\" src=\"https:\/\/congressosindepol.com.br\/2025\/wp-content\/uploads\/2025\/11\/Ugo_headshot-1024x1024.png\" class=\"attachment-large size-large wp-image-2181\" alt=\"\" srcset=\"https:\/\/congressosindepol.com.br\/2025\/wp-content\/uploads\/2025\/11\/Ugo_headshot-1024x1024.png 1024w, https:\/\/congressosindepol.com.br\/2025\/wp-content\/uploads\/2025\/11\/Ugo_headshot-300x300.png 300w, https:\/\/congressosindepol.com.br\/2025\/wp-content\/uploads\/2025\/11\/Ugo_headshot-150x150.png 150w, https:\/\/congressosindepol.com.br\/2025\/wp-content\/uploads\/2025\/11\/Ugo_headshot-768x768.png 768w, https:\/\/congressosindepol.com.br\/2025\/wp-content\/uploads\/2025\/11\/Ugo_headshot.png 1066w\" sizes=\"(max-width: 800px) 100vw, 800px\" \/>\t\t\t\t\t\t\t\t<\/div>\n\t\t\t\t\t\t\t\n\t\t\t\t\t\t\t<div class=\"ekit-team-modal-info has-img\">\n\t\t\t\t\t\t\t\t<h2 class=\"ekit-team-modal-title\">Ugo Portela<\/h2>\n\t\t\t\t\t\t\t\t<p class=\"ekit-team-modal-position\">Ver curr\u00edculo<\/p>\n\n\t\t\t\t\t\t\t\t<div class=\"ekit-team-modal-content\">\n\t\t\t\t\t\t\t\t\tUgo Portela - Services Manager, LATAM<br \/>\n<br \/>\nUgo Portela \u00e9 Gerente de Servi\u00e7os para a Am\u00e9rica Latina da Chainalysis, empresa l\u00edder no segmento de an\u00e1lise de blockchain e gest\u00e3o de risco em criptomoedas.<br \/>\n<br \/>\nFormado em administra\u00e7\u00e3o pela Faculdade de Ci\u00eancias de Administra\u00e7\u00e3o de Pernambuco - FCAP\/UPE, anteriormente, foi Head de suporte da startup de educa\u00e7\u00e3o dinamarquesa Labster e Gerente de contas da exchange de criptomoedas americana Kraken.com.\t\t\t\t\t\t\t\t<\/div>\n\n\t\t\t\t\t\t\t\t\n\t\t\t\t\t\t\t\t\t\t\t\t\t\t\t<\/div>\n\t\t\t\t\t\t<\/div>\n\t\t\t\t\t<\/div>\n\t\t\t\t<\/div>\n\t\t\t<\/div>\n\t\t\t\t<\/div>\t\t\t\t<\/div>\n\t\t\t\t<\/div>\n\t\t\t\t\t<\/div>\n\t\t<\/div>\n\t\t\t\t<div class=\"elementor-column elementor-col-25 elementor-top-column elementor-element elementor-element-372cbde9\" data-id=\"372cbde9\" data-element_type=\"column\" data-e-type=\"column\">\n\t\t\t<div class=\"elementor-widget-wrap elementor-element-populated\">\n\t\t\t\t\t\t<div class=\"elementor-element elementor-element-b961fbb elementor-widget elementor-widget-elementskit-team\" data-id=\"b961fbb\" data-element_type=\"widget\" data-e-type=\"widget\" data-widget_type=\"elementskit-team.default\">\n\t\t\t\t<div class=\"elementor-widget-container\">\n\t\t\t\t\t<div class=\"ekit-wid-con\">\t\t\t\t\t\t\t\t\n\t\t<div class=\"profile-card elementor-animation- text-center ekit-team-style-default\">\n\t\t\t\t\t\t\t<a aria-label=\"profile\" href=\"javascript:void(0)\" data-mfp-src=\"#ekit_team_modal_b961fbb_20\" class=\"ekit-team-popup\">\n\t\t\t\n\t\t\t\t<div class=\"profile-header ekit-team-img ekit-img-overlay ekit-team-img-block\"  data-toggle=\"modal\" data-target=\"ekit_team_modal_#b961fbb_20\" >\n\t\t\t\t\t<img decoding=\"async\" width=\"500\" height=\"500\" src=\"https:\/\/congressosindepol.com.br\/2025\/wp-content\/uploads\/2025\/08\/Rocelo-Lopes-.jpeg\" class=\"attachment-large size-large wp-image-2108\" alt=\"\" srcset=\"https:\/\/congressosindepol.com.br\/2025\/wp-content\/uploads\/2025\/08\/Rocelo-Lopes-.jpeg 500w, https:\/\/congressosindepol.com.br\/2025\/wp-content\/uploads\/2025\/08\/Rocelo-Lopes--300x300.jpeg 300w, https:\/\/congressosindepol.com.br\/2025\/wp-content\/uploads\/2025\/08\/Rocelo-Lopes--150x150.jpeg 150w\" sizes=\"(max-width: 500px) 100vw, 500px\" \/>\t\t\t\t<\/div><!-- .profile-header END -->\n\t\t\t\t\t\t\t<\/a>\n\t\t\t\n\n\t\t\t\t<div class=\"profile-body\">\n\t\t\t\t\t\n\t\t\t\t\t<h2 class=\"profile-title\">\n\t\t\t\t\t\t\t\t\t\t\t<a aria-label=\"profile\" href=\"javascript:void(0)\" data-mfp-src=\"#ekit_team_modal_b961fbb_20\" class=\"ekit-team-popup\">\n\t\t\t\t\t\tRocelo Lopes\t\t\t\t\t\t<\/a>\n\t\t\t\t\t\t\t\t\t\t\t<\/h2>\n\t\t\t\t\t<p class=\"profile-designation\">Ver curr\u00edculo<\/p>\n\t\t\t\t\t\t\t\t\t<\/div><!-- .profile-body END -->\n\n\t\t\t\t\t\t\t\t<\/div>\n\t\t\t\t\t\t\t\n\t\t\t\n\t\t\t\t\t<div class=\"zoom-anim-dialog mfp-hide elementskit-team-popup team-popup-id-b961fbb\" id=\"ekit_team_modal_b961fbb_20\" tabindex=\"-1\" role=\"dialog\" aria-hidden=\"true\">\n\t\t\t\t<div class=\"modal-dialog modal-dialog-centered\" role=\"document\">\n\t\t\t\t\t<div class=\"modal-content\">\n\t\t\t\t\t\t<button type=\"button\" class=\"ekit-team-modal-close\">\n\t\t\t\t\t\t\t<i aria-hidden=\"true\" class=\"fas fa-times\"><\/i>\t\t\t\t\t\t<\/button>\n\n\t\t\t\t\t\t<div class=\"modal-body\">\n\t\t\t\t\t\t\t\t\t\t\t\t\t\t\t<div class=\"ekit-team-modal-img\">\n\t\t\t\t\t\t\t\t\t<img decoding=\"async\" width=\"500\" height=\"500\" src=\"https:\/\/congressosindepol.com.br\/2025\/wp-content\/uploads\/2025\/08\/Rocelo-Lopes-.jpeg\" class=\"attachment-large size-large wp-image-2108\" alt=\"\" srcset=\"https:\/\/congressosindepol.com.br\/2025\/wp-content\/uploads\/2025\/08\/Rocelo-Lopes-.jpeg 500w, https:\/\/congressosindepol.com.br\/2025\/wp-content\/uploads\/2025\/08\/Rocelo-Lopes--300x300.jpeg 300w, https:\/\/congressosindepol.com.br\/2025\/wp-content\/uploads\/2025\/08\/Rocelo-Lopes--150x150.jpeg 150w\" sizes=\"(max-width: 500px) 100vw, 500px\" \/>\t\t\t\t\t\t\t\t<\/div>\n\t\t\t\t\t\t\t\n\t\t\t\t\t\t\t<div class=\"ekit-team-modal-info has-img\">\n\t\t\t\t\t\t\t\t<h2 class=\"ekit-team-modal-title\">Rocelo Lopes<\/h2>\n\t\t\t\t\t\t\t\t<p class=\"ekit-team-modal-position\">Ver curr\u00edculo<\/p>\n\n\t\t\t\t\t\t\t\t<div class=\"ekit-team-modal-content\">\n\t\t\t\t\t\t\t\t\tAtua no mercado de criptomoedas desde 2013, consolidou-se como especialista em criptomoeda e, hoje, \u00e9 CEO da SmartPay. \u00c9 conhecido no mercado nacional e internacional por seus produtos e servi\u00e7os que utilizam tecnologia blockchain. Atualmente se dedica ao desenvolvimento da ferramenta SWAPX e do aplicativo de criptoativos Truther, al\u00e9m de divulgar seu conhecimento sobre blockchain, tokeniza\u00e7\u00e3o e seguran\u00e7a nas transa\u00e7\u00f5es com criptomoedas, bem como refor\u00e7ar a regulamenta\u00e7\u00e3o do tema no Brasil.\t\t\t\t\t\t\t\t<\/div>\n\n\t\t\t\t\t\t\t\t\n\t\t\t\t\t\t\t\t\t\t\t\t\t\t\t<\/div>\n\t\t\t\t\t\t<\/div>\n\t\t\t\t\t<\/div>\n\t\t\t\t<\/div>\n\t\t\t<\/div>\n\t\t\t\t<\/div>\t\t\t\t<\/div>\n\t\t\t\t<\/div>\n\t\t\t\t\t<\/div>\n\t\t<\/div>\n\t\t\t\t<div class=\"elementor-column elementor-col-25 elementor-top-column elementor-element elementor-element-680fca98\" data-id=\"680fca98\" data-element_type=\"column\" data-e-type=\"column\">\n\t\t\t<div class=\"elementor-widget-wrap elementor-element-populated\">\n\t\t\t\t\t\t<div class=\"elementor-element elementor-element-db2aee0 elementor-widget elementor-widget-elementskit-team\" data-id=\"db2aee0\" data-element_type=\"widget\" data-e-type=\"widget\" data-widget_type=\"elementskit-team.default\">\n\t\t\t\t<div class=\"elementor-widget-container\">\n\t\t\t\t\t<div class=\"ekit-wid-con\">\t\t\t\t\t\t\t\t\n\t\t<div class=\"profile-card elementor-animation- text-center ekit-team-style-default\">\n\t\t\t\t\t\t\t<a aria-label=\"profile\" href=\"javascript:void(0)\" data-mfp-src=\"#ekit_team_modal_db2aee0_20\" class=\"ekit-team-popup\">\n\t\t\t\n\t\t\t\t<div class=\"profile-header ekit-team-img ekit-img-overlay ekit-team-img-block\"  data-toggle=\"modal\" data-target=\"ekit_team_modal_#db2aee0_20\" >\n\t\t\t\t\t<img decoding=\"async\" width=\"764\" height=\"764\" src=\"https:\/\/congressosindepol.com.br\/2025\/wp-content\/uploads\/2025\/08\/Artur-Ferraz-Martins.jpg\" class=\"attachment-large size-large wp-image-2109\" alt=\"\" srcset=\"https:\/\/congressosindepol.com.br\/2025\/wp-content\/uploads\/2025\/08\/Artur-Ferraz-Martins.jpg 764w, https:\/\/congressosindepol.com.br\/2025\/wp-content\/uploads\/2025\/08\/Artur-Ferraz-Martins-300x300.jpg 300w, https:\/\/congressosindepol.com.br\/2025\/wp-content\/uploads\/2025\/08\/Artur-Ferraz-Martins-150x150.jpg 150w\" sizes=\"(max-width: 764px) 100vw, 764px\" \/>\t\t\t\t<\/div><!-- .profile-header END -->\n\t\t\t\t\t\t\t<\/a>\n\t\t\t\n\n\t\t\t\t<div class=\"profile-body\">\n\t\t\t\t\t\n\t\t\t\t\t<h2 class=\"profile-title\">\n\t\t\t\t\t\t\t\t\t\t\t<a aria-label=\"profile\" href=\"javascript:void(0)\" data-mfp-src=\"#ekit_team_modal_db2aee0_20\" class=\"ekit-team-popup\">\n\t\t\t\t\t\tArtur Ferraz Martins\t\t\t\t\t\t<\/a>\n\t\t\t\t\t\t\t\t\t\t\t<\/h2>\n\t\t\t\t\t<p class=\"profile-designation\">Ver curr\u00edculo<\/p>\n\t\t\t\t\t\t\t\t\t<\/div><!-- .profile-body END -->\n\n\t\t\t\t\t\t\t\t<\/div>\n\t\t\t\t\t\t\t\n\t\t\t\n\t\t\t\t\t<div class=\"zoom-anim-dialog mfp-hide elementskit-team-popup team-popup-id-db2aee0\" id=\"ekit_team_modal_db2aee0_20\" tabindex=\"-1\" role=\"dialog\" aria-hidden=\"true\">\n\t\t\t\t<div class=\"modal-dialog modal-dialog-centered\" role=\"document\">\n\t\t\t\t\t<div class=\"modal-content\">\n\t\t\t\t\t\t<button type=\"button\" class=\"ekit-team-modal-close\">\n\t\t\t\t\t\t\t<i aria-hidden=\"true\" class=\"fas fa-times\"><\/i>\t\t\t\t\t\t<\/button>\n\n\t\t\t\t\t\t<div class=\"modal-body\">\n\t\t\t\t\t\t\t\t\t\t\t\t\t\t\t<div class=\"ekit-team-modal-img\">\n\t\t\t\t\t\t\t\t\t<img decoding=\"async\" width=\"764\" height=\"764\" src=\"https:\/\/congressosindepol.com.br\/2025\/wp-content\/uploads\/2025\/08\/Artur-Ferraz-Martins.jpg\" class=\"attachment-large size-large wp-image-2109\" alt=\"\" srcset=\"https:\/\/congressosindepol.com.br\/2025\/wp-content\/uploads\/2025\/08\/Artur-Ferraz-Martins.jpg 764w, https:\/\/congressosindepol.com.br\/2025\/wp-content\/uploads\/2025\/08\/Artur-Ferraz-Martins-300x300.jpg 300w, https:\/\/congressosindepol.com.br\/2025\/wp-content\/uploads\/2025\/08\/Artur-Ferraz-Martins-150x150.jpg 150w\" sizes=\"(max-width: 764px) 100vw, 764px\" \/>\t\t\t\t\t\t\t\t<\/div>\n\t\t\t\t\t\t\t\n\t\t\t\t\t\t\t<div class=\"ekit-team-modal-info has-img\">\n\t\t\t\t\t\t\t\t<h2 class=\"ekit-team-modal-title\">Artur Ferraz Martins<\/h2>\n\t\t\t\t\t\t\t\t<p class=\"ekit-team-modal-position\">Ver curr\u00edculo<\/p>\n\n\t\t\t\t\t\t\t\t<div class=\"ekit-team-modal-content\">\n\t\t\t\t\t\t\t\t\tGerente Jur\u00eddico e de Compliance da Foxbit. Advogado com longa experi\u00eancia em compliance, direito societ\u00e1rio, M&amp;A e cripto, incluindo implanta\u00e7\u00e3o de programas de conformidade, PLDFT, KYC\/KYT\/KYE, investiga\u00e7\u00f5es on-chain, apoio a investiga\u00e7\u00f5es criminais, buscas, apreens\u00f5es e liquida\u00e7\u00f5es de criptomoedas. Atua\u00e7\u00e3o estrat\u00e9gica em empresas de tecnologia e criptografia.\t\t\t\t\t\t\t\t<\/div>\n\n\t\t\t\t\t\t\t\t\n\t\t\t\t\t\t\t\t\t\t\t\t\t\t\t<\/div>\n\t\t\t\t\t\t<\/div>\n\t\t\t\t\t<\/div>\n\t\t\t\t<\/div>\n\t\t\t<\/div>\n\t\t\t\t<\/div>\t\t\t\t<\/div>\n\t\t\t\t<\/div>\n\t\t\t\t\t<\/div>\n\t\t<\/div>\n\t\t\t\t<div class=\"elementor-column elementor-col-25 elementor-top-column elementor-element elementor-element-738cc0c2\" data-id=\"738cc0c2\" data-element_type=\"column\" data-e-type=\"column\">\n\t\t\t<div class=\"elementor-widget-wrap elementor-element-populated\">\n\t\t\t\t\t\t<div class=\"elementor-element elementor-element-301b9ca elementor-widget elementor-widget-elementskit-team\" data-id=\"301b9ca\" data-element_type=\"widget\" data-e-type=\"widget\" data-widget_type=\"elementskit-team.default\">\n\t\t\t\t<div class=\"elementor-widget-container\">\n\t\t\t\t\t<div class=\"ekit-wid-con\">\t\t\t\t\t\t\t\t\n\t\t<div class=\"profile-card elementor-animation- text-center ekit-team-style-default\">\n\t\t\t\t\t\t\t<a aria-label=\"profile\" href=\"javascript:void(0)\" data-mfp-src=\"#ekit_team_modal_301b9ca_20\" class=\"ekit-team-popup\">\n\t\t\t\n\t\t\t\t<div class=\"profile-header ekit-team-img ekit-img-overlay ekit-team-img-block\"  data-toggle=\"modal\" data-target=\"ekit_team_modal_#301b9ca_20\" >\n\t\t\t\t\t<img loading=\"lazy\" decoding=\"async\" width=\"800\" height=\"800\" src=\"https:\/\/congressosindepol.com.br\/2025\/wp-content\/uploads\/2025\/11\/WhatsApp-Image-2025-11-03-at-18.58.53.jpeg\" class=\"attachment-large size-large wp-image-2171\" alt=\"\" srcset=\"https:\/\/congressosindepol.com.br\/2025\/wp-content\/uploads\/2025\/11\/WhatsApp-Image-2025-11-03-at-18.58.53.jpeg 853w, https:\/\/congressosindepol.com.br\/2025\/wp-content\/uploads\/2025\/11\/WhatsApp-Image-2025-11-03-at-18.58.53-300x300.jpeg 300w, https:\/\/congressosindepol.com.br\/2025\/wp-content\/uploads\/2025\/11\/WhatsApp-Image-2025-11-03-at-18.58.53-150x150.jpeg 150w, https:\/\/congressosindepol.com.br\/2025\/wp-content\/uploads\/2025\/11\/WhatsApp-Image-2025-11-03-at-18.58.53-768x768.jpeg 768w\" sizes=\"(max-width: 800px) 100vw, 800px\" \/>\t\t\t\t<\/div><!-- .profile-header END -->\n\t\t\t\t\t\t\t<\/a>\n\t\t\t\n\n\t\t\t\t<div class=\"profile-body\">\n\t\t\t\t\t\n\t\t\t\t\t<h2 class=\"profile-title\">\n\t\t\t\t\t\t\t\t\t\t\t<a aria-label=\"profile\" href=\"javascript:void(0)\" data-mfp-src=\"#ekit_team_modal_301b9ca_20\" class=\"ekit-team-popup\">\n\t\t\t\t\t\tVytautas Fabiano Silva Zumas\t\t\t\t\t\t<\/a>\n\t\t\t\t\t\t\t\t\t\t\t<\/h2>\n\t\t\t\t\t<p class=\"profile-designation\">Ver curr\u00edculo<\/p>\n\t\t\t\t\t\t\t\t\t<\/div><!-- .profile-body END -->\n\n\t\t\t\t\t\t\t\t<\/div>\n\t\t\t\t\t\t\t\n\t\t\t\n\t\t\t\t\t<div class=\"zoom-anim-dialog mfp-hide elementskit-team-popup team-popup-id-301b9ca\" id=\"ekit_team_modal_301b9ca_20\" tabindex=\"-1\" role=\"dialog\" aria-hidden=\"true\">\n\t\t\t\t<div class=\"modal-dialog modal-dialog-centered\" role=\"document\">\n\t\t\t\t\t<div class=\"modal-content\">\n\t\t\t\t\t\t<button type=\"button\" class=\"ekit-team-modal-close\">\n\t\t\t\t\t\t\t<i aria-hidden=\"true\" class=\"fas fa-times\"><\/i>\t\t\t\t\t\t<\/button>\n\n\t\t\t\t\t\t<div class=\"modal-body\">\n\t\t\t\t\t\t\t\t\t\t\t\t\t\t\t<div class=\"ekit-team-modal-img\">\n\t\t\t\t\t\t\t\t\t<img loading=\"lazy\" decoding=\"async\" width=\"800\" height=\"800\" src=\"https:\/\/congressosindepol.com.br\/2025\/wp-content\/uploads\/2025\/11\/WhatsApp-Image-2025-11-03-at-18.58.53.jpeg\" class=\"attachment-large size-large wp-image-2171\" alt=\"\" srcset=\"https:\/\/congressosindepol.com.br\/2025\/wp-content\/uploads\/2025\/11\/WhatsApp-Image-2025-11-03-at-18.58.53.jpeg 853w, https:\/\/congressosindepol.com.br\/2025\/wp-content\/uploads\/2025\/11\/WhatsApp-Image-2025-11-03-at-18.58.53-300x300.jpeg 300w, https:\/\/congressosindepol.com.br\/2025\/wp-content\/uploads\/2025\/11\/WhatsApp-Image-2025-11-03-at-18.58.53-150x150.jpeg 150w, https:\/\/congressosindepol.com.br\/2025\/wp-content\/uploads\/2025\/11\/WhatsApp-Image-2025-11-03-at-18.58.53-768x768.jpeg 768w\" sizes=\"(max-width: 800px) 100vw, 800px\" \/>\t\t\t\t\t\t\t\t<\/div>\n\t\t\t\t\t\t\t\n\t\t\t\t\t\t\t<div class=\"ekit-team-modal-info has-img\">\n\t\t\t\t\t\t\t\t<h2 class=\"ekit-team-modal-title\">Vytautas Fabiano Silva Zumas<\/h2>\n\t\t\t\t\t\t\t\t<p class=\"ekit-team-modal-position\">Ver curr\u00edculo<\/p>\n\n\t\t\t\t\t\t\t\t<div class=\"ekit-team-modal-content\">\n\t\t\t\t\t\t\t\t\tMestre (2022) em Blockchain and Digital Currency pela Universidade de Nic\u00f3sia, Chipre. Conselheiro do Instituto Nacional de Estudos sobre Criptoativos INECRIPTO. Delegado da Pol\u00edcia Civil do Estado de Goi\u00e1s, Gerente de Intelig\u00eancia de Sinais e Laborat\u00f3rio de Tecnologia Contra Lavagem de Dinheiro da SIPC\/PCGO.\t\t\t\t\t\t\t\t<\/div>\n\n\t\t\t\t\t\t\t\t\n\t\t\t\t\t\t\t\t\t\t\t\t\t\t\t<\/div>\n\t\t\t\t\t\t<\/div>\n\t\t\t\t\t<\/div>\n\t\t\t\t<\/div>\n\t\t\t<\/div>\n\t\t\t\t<\/div>\t\t\t\t<\/div>\n\t\t\t\t<\/div>\n\t\t\t\t\t<\/div>\n\t\t<\/div>\n\t\t\t\t\t<\/div>\n\t\t<\/section>\n\t\t\t\t<section class=\"elementor-section elementor-top-section elementor-element elementor-element-236b37e elementor-section-boxed elementor-section-height-default elementor-section-height-default\" data-id=\"236b37e\" data-element_type=\"section\" data-e-type=\"section\">\n\t\t\t\t\t\t<div class=\"elementor-container elementor-column-gap-default\">\n\t\t\t\t\t<div class=\"elementor-column elementor-col-25 elementor-top-column elementor-element elementor-element-81b17e7\" data-id=\"81b17e7\" data-element_type=\"column\" data-e-type=\"column\">\n\t\t\t<div class=\"elementor-widget-wrap elementor-element-populated\">\n\t\t\t\t\t\t<div class=\"elementor-element elementor-element-a207562 elementor-widget elementor-widget-elementskit-team\" data-id=\"a207562\" data-element_type=\"widget\" data-e-type=\"widget\" data-widget_type=\"elementskit-team.default\">\n\t\t\t\t<div class=\"elementor-widget-container\">\n\t\t\t\t\t<div class=\"ekit-wid-con\">\t\t\t\t\t\t\t\t\n\t\t<div class=\"profile-card elementor-animation- text-center ekit-team-style-default\">\n\t\t\t\t\t\t\t<a aria-label=\"profile\" href=\"javascript:void(0)\" data-mfp-src=\"#ekit_team_modal_a207562_20\" class=\"ekit-team-popup\">\n\t\t\t\n\t\t\t\t<div class=\"profile-header ekit-team-img ekit-img-overlay ekit-team-img-block\"  data-toggle=\"modal\" data-target=\"ekit_team_modal_#a207562_20\" >\n\t\t\t\t\t<img loading=\"lazy\" decoding=\"async\" width=\"800\" height=\"800\" src=\"https:\/\/congressosindepol.com.br\/2025\/wp-content\/uploads\/2025\/08\/Guilherme-Sobrano-Fais.jpeg\" class=\"attachment-large size-large wp-image-2111\" alt=\"\" srcset=\"https:\/\/congressosindepol.com.br\/2025\/wp-content\/uploads\/2025\/08\/Guilherme-Sobrano-Fais.jpeg 800w, https:\/\/congressosindepol.com.br\/2025\/wp-content\/uploads\/2025\/08\/Guilherme-Sobrano-Fais-300x300.jpeg 300w, https:\/\/congressosindepol.com.br\/2025\/wp-content\/uploads\/2025\/08\/Guilherme-Sobrano-Fais-150x150.jpeg 150w, https:\/\/congressosindepol.com.br\/2025\/wp-content\/uploads\/2025\/08\/Guilherme-Sobrano-Fais-768x768.jpeg 768w\" sizes=\"(max-width: 800px) 100vw, 800px\" \/>\t\t\t\t<\/div><!-- .profile-header END -->\n\t\t\t\t\t\t\t<\/a>\n\t\t\t\n\n\t\t\t\t<div class=\"profile-body\">\n\t\t\t\t\t\n\t\t\t\t\t<h2 class=\"profile-title\">\n\t\t\t\t\t\t\t\t\t\t\t<a aria-label=\"profile\" href=\"javascript:void(0)\" data-mfp-src=\"#ekit_team_modal_a207562_20\" class=\"ekit-team-popup\">\n\t\t\t\t\t\tGuilerme Sobrano Fais\t\t\t\t\t\t<\/a>\n\t\t\t\t\t\t\t\t\t\t\t<\/h2>\n\t\t\t\t\t<p class=\"profile-designation\">Ver curr\u00edculo<\/p>\n\t\t\t\t\t\t\t\t\t<\/div><!-- .profile-body END -->\n\n\t\t\t\t\t\t\t\t<\/div>\n\t\t\t\t\t\t\t\n\t\t\t\n\t\t\t\t\t<div class=\"zoom-anim-dialog mfp-hide elementskit-team-popup team-popup-id-a207562\" id=\"ekit_team_modal_a207562_20\" tabindex=\"-1\" role=\"dialog\" aria-hidden=\"true\">\n\t\t\t\t<div class=\"modal-dialog modal-dialog-centered\" role=\"document\">\n\t\t\t\t\t<div class=\"modal-content\">\n\t\t\t\t\t\t<button type=\"button\" class=\"ekit-team-modal-close\">\n\t\t\t\t\t\t\t<i aria-hidden=\"true\" class=\"fas fa-times\"><\/i>\t\t\t\t\t\t<\/button>\n\n\t\t\t\t\t\t<div class=\"modal-body\">\n\t\t\t\t\t\t\t\t\t\t\t\t\t\t\t<div class=\"ekit-team-modal-img\">\n\t\t\t\t\t\t\t\t\t<img loading=\"lazy\" decoding=\"async\" width=\"800\" height=\"800\" src=\"https:\/\/congressosindepol.com.br\/2025\/wp-content\/uploads\/2025\/08\/Guilherme-Sobrano-Fais.jpeg\" class=\"attachment-large size-large wp-image-2111\" alt=\"\" srcset=\"https:\/\/congressosindepol.com.br\/2025\/wp-content\/uploads\/2025\/08\/Guilherme-Sobrano-Fais.jpeg 800w, https:\/\/congressosindepol.com.br\/2025\/wp-content\/uploads\/2025\/08\/Guilherme-Sobrano-Fais-300x300.jpeg 300w, https:\/\/congressosindepol.com.br\/2025\/wp-content\/uploads\/2025\/08\/Guilherme-Sobrano-Fais-150x150.jpeg 150w, https:\/\/congressosindepol.com.br\/2025\/wp-content\/uploads\/2025\/08\/Guilherme-Sobrano-Fais-768x768.jpeg 768w\" sizes=\"(max-width: 800px) 100vw, 800px\" \/>\t\t\t\t\t\t\t\t<\/div>\n\t\t\t\t\t\t\t\n\t\t\t\t\t\t\t<div class=\"ekit-team-modal-info has-img\">\n\t\t\t\t\t\t\t\t<h2 class=\"ekit-team-modal-title\">Guilerme Sobrano Fais<\/h2>\n\t\t\t\t\t\t\t\t<p class=\"ekit-team-modal-position\">Ver curr\u00edculo<\/p>\n\n\t\t\t\t\t\t\t\t<div class=\"ekit-team-modal-content\">\n\t\t\t\t\t\t\t\t\tExecutivo de Finan\u00e7as e Controladoria, com mais de 15 anos de experi\u00eancia em gest\u00e3o financeira, cont\u00e1bil, auditoria e estrat\u00e9gia empresarial. Ao longo da carreira, desenvolveu experi\u00eancia s\u00f3lida em governan\u00e7a, controles internos, estrutura\u00e7\u00e3o de departamentos financeiros e implanta\u00e7\u00e3o de processos estrat\u00e9gicos que resultaram em ganhos de efici\u00eancia, conformidade e crescimento da empresa.\nPossui oito anos de experi\u00eancia no mercado de criptomoedas, atuando em posi\u00e7\u00f5es de lideran\u00e7a em empresas de destaque no setor. Com amplo conhecimento em governan\u00e7a de ativos digitais, segrega\u00e7\u00e3o de saldos, conformidade regulat\u00f3ria e tokeniza\u00e7\u00e3o, participou de processos de auditoria, due diligence e estrutura\u00e7\u00e3o de novos produtos financeiros.\nEm mar\u00e7o de 2025, assumiu o cargo de Head de Finan\u00e7as da NovaDAX, liderando a estrat\u00e9gia financeira e a governan\u00e7a corporativa da companhia no segmento de criptoativos.\n\t\t\t\t\t\t\t\t<\/div>\n\n\t\t\t\t\t\t\t\t\n\t\t\t\t\t\t\t\t\t\t\t\t\t\t\t<\/div>\n\t\t\t\t\t\t<\/div>\n\t\t\t\t\t<\/div>\n\t\t\t\t<\/div>\n\t\t\t<\/div>\n\t\t\t\t<\/div>\t\t\t\t<\/div>\n\t\t\t\t<\/div>\n\t\t\t\t\t<\/div>\n\t\t<\/div>\n\t\t\t\t<div class=\"elementor-column elementor-col-25 elementor-top-column elementor-element elementor-element-1442fb7\" data-id=\"1442fb7\" data-element_type=\"column\" data-e-type=\"column\">\n\t\t\t<div class=\"elementor-widget-wrap elementor-element-populated\">\n\t\t\t\t\t\t<div class=\"elementor-element elementor-element-39a773a elementor-widget elementor-widget-elementskit-team\" data-id=\"39a773a\" data-element_type=\"widget\" data-e-type=\"widget\" data-widget_type=\"elementskit-team.default\">\n\t\t\t\t<div class=\"elementor-widget-container\">\n\t\t\t\t\t<div class=\"ekit-wid-con\">\t\t\t\t\t\t\t\t\n\t\t<div class=\"profile-card elementor-animation- text-center ekit-team-style-default\">\n\t\t\t\t\t\t\t<a aria-label=\"profile\" href=\"javascript:void(0)\" data-mfp-src=\"#ekit_team_modal_39a773a_20\" class=\"ekit-team-popup\">\n\t\t\t\n\t\t\t\t<div class=\"profile-header ekit-team-img ekit-img-overlay ekit-team-img-block\"  data-toggle=\"modal\" data-target=\"ekit_team_modal_#39a773a_20\" >\n\t\t\t\t\t<img loading=\"lazy\" decoding=\"async\" width=\"800\" height=\"800\" src=\"https:\/\/congressosindepol.com.br\/2025\/wp-content\/uploads\/2025\/08\/Ana-Paula-Bez-Bati-1024x1024.jpeg\" class=\"attachment-large size-large wp-image-2115\" alt=\"\" srcset=\"https:\/\/congressosindepol.com.br\/2025\/wp-content\/uploads\/2025\/08\/Ana-Paula-Bez-Bati-1024x1024.jpeg 1024w, https:\/\/congressosindepol.com.br\/2025\/wp-content\/uploads\/2025\/08\/Ana-Paula-Bez-Bati-300x300.jpeg 300w, https:\/\/congressosindepol.com.br\/2025\/wp-content\/uploads\/2025\/08\/Ana-Paula-Bez-Bati-150x150.jpeg 150w, https:\/\/congressosindepol.com.br\/2025\/wp-content\/uploads\/2025\/08\/Ana-Paula-Bez-Bati-768x768.jpeg 768w, https:\/\/congressosindepol.com.br\/2025\/wp-content\/uploads\/2025\/08\/Ana-Paula-Bez-Bati.jpeg 1047w\" sizes=\"(max-width: 800px) 100vw, 800px\" \/>\t\t\t\t<\/div><!-- .profile-header END -->\n\t\t\t\t\t\t\t<\/a>\n\t\t\t\n\n\t\t\t\t<div class=\"profile-body\">\n\t\t\t\t\t\n\t\t\t\t\t<h2 class=\"profile-title\">\n\t\t\t\t\t\t\t\t\t\t\t<a aria-label=\"profile\" href=\"javascript:void(0)\" data-mfp-src=\"#ekit_team_modal_39a773a_20\" class=\"ekit-team-popup\">\n\t\t\t\t\t\tAna Paula Bez Bati\t\t\t\t\t\t<\/a>\n\t\t\t\t\t\t\t\t\t\t\t<\/h2>\n\t\t\t\t\t<p class=\"profile-designation\">Ver curr\u00edculo<\/p>\n\t\t\t\t\t\t\t\t\t<\/div><!-- .profile-body END -->\n\n\t\t\t\t\t\t\t\t<\/div>\n\t\t\t\t\t\t\t\n\t\t\t\n\t\t\t\t\t<div class=\"zoom-anim-dialog mfp-hide elementskit-team-popup team-popup-id-39a773a\" id=\"ekit_team_modal_39a773a_20\" tabindex=\"-1\" role=\"dialog\" aria-hidden=\"true\">\n\t\t\t\t<div class=\"modal-dialog modal-dialog-centered\" role=\"document\">\n\t\t\t\t\t<div class=\"modal-content\">\n\t\t\t\t\t\t<button type=\"button\" class=\"ekit-team-modal-close\">\n\t\t\t\t\t\t\t<i aria-hidden=\"true\" class=\"fas fa-times\"><\/i>\t\t\t\t\t\t<\/button>\n\n\t\t\t\t\t\t<div class=\"modal-body\">\n\t\t\t\t\t\t\t\t\t\t\t\t\t\t\t<div class=\"ekit-team-modal-img\">\n\t\t\t\t\t\t\t\t\t<img loading=\"lazy\" decoding=\"async\" width=\"800\" height=\"800\" src=\"https:\/\/congressosindepol.com.br\/2025\/wp-content\/uploads\/2025\/08\/Ana-Paula-Bez-Bati-1024x1024.jpeg\" class=\"attachment-large size-large wp-image-2115\" alt=\"\" srcset=\"https:\/\/congressosindepol.com.br\/2025\/wp-content\/uploads\/2025\/08\/Ana-Paula-Bez-Bati-1024x1024.jpeg 1024w, https:\/\/congressosindepol.com.br\/2025\/wp-content\/uploads\/2025\/08\/Ana-Paula-Bez-Bati-300x300.jpeg 300w, https:\/\/congressosindepol.com.br\/2025\/wp-content\/uploads\/2025\/08\/Ana-Paula-Bez-Bati-150x150.jpeg 150w, https:\/\/congressosindepol.com.br\/2025\/wp-content\/uploads\/2025\/08\/Ana-Paula-Bez-Bati-768x768.jpeg 768w, https:\/\/congressosindepol.com.br\/2025\/wp-content\/uploads\/2025\/08\/Ana-Paula-Bez-Bati.jpeg 1047w\" sizes=\"(max-width: 800px) 100vw, 800px\" \/>\t\t\t\t\t\t\t\t<\/div>\n\t\t\t\t\t\t\t\n\t\t\t\t\t\t\t<div class=\"ekit-team-modal-info has-img\">\n\t\t\t\t\t\t\t\t<h2 class=\"ekit-team-modal-title\">Ana Paula Bez Bati<\/h2>\n\t\t\t\t\t\t\t\t<p class=\"ekit-team-modal-position\">Ver curr\u00edculo<\/p>\n\n\t\t\t\t\t\t\t\t<div class=\"ekit-team-modal-content\">\n\t\t\t\t\t\t\t\t\t\u00c9 graduada em Direito, com p\u00f3s-gradua\u00e7\u00e3o em Direito Constitucional. Iniciou a carreira como Advogada da Petrobr\u00e1s e desde 2008 integra a Procuradoria da Fazenda Nacional. Representa sua institui\u00e7\u00e3o na Estrat\u00e9gia Nacional de Combate \u00e0 Corrup\u00e7\u00e3o e \u00e0 Lavagem de Dinheiro (ENCCLA) nas a\u00e7\u00f5es envolvendo Criptoativos e Blockchain, tendo participado da coordena\u00e7\u00e3o da a\u00e7\u00e3o 08\/2019, que culminou no \u201cRoteiro de boas pr\u00e1ticas de investiga\u00e7\u00e3o em criptoativos\u201d.\n\nParticipou de diversas For\u00e7a-Tarefas envolvendo criptoativos, tendo efetuado uma das maiores apreens\u00f5es em bitcoins do Brasil, valor aproximado de 200 milh\u00f5es de reais, na opera\u00e7\u00e3o Kryptos da Pol\u00edcia Federal e do MPF.\n\nIntegra a coordena\u00e7\u00e3o da primeira plataforma Brasileira para investiga\u00e7\u00e3o de ativos virtuais, o site Blocksherlock.\t\t\t\t\t\t\t\t<\/div>\n\n\t\t\t\t\t\t\t\t\n\t\t\t\t\t\t\t\t\t\t\t\t\t\t\t<\/div>\n\t\t\t\t\t\t<\/div>\n\t\t\t\t\t<\/div>\n\t\t\t\t<\/div>\n\t\t\t<\/div>\n\t\t\t\t<\/div>\t\t\t\t<\/div>\n\t\t\t\t<\/div>\n\t\t\t\t\t<\/div>\n\t\t<\/div>\n\t\t\t\t<div class=\"elementor-column elementor-col-25 elementor-top-column elementor-element elementor-element-7adeb06\" data-id=\"7adeb06\" data-element_type=\"column\" data-e-type=\"column\">\n\t\t\t<div class=\"elementor-widget-wrap elementor-element-populated\">\n\t\t\t\t\t\t<div class=\"elementor-element elementor-element-57f1941 elementor-widget elementor-widget-elementskit-team\" data-id=\"57f1941\" data-element_type=\"widget\" data-e-type=\"widget\" data-widget_type=\"elementskit-team.default\">\n\t\t\t\t<div class=\"elementor-widget-container\">\n\t\t\t\t\t<div class=\"ekit-wid-con\">\t\t\t\t\t\t\t\t\n\t\t<div class=\"profile-card elementor-animation- text-center ekit-team-style-default\">\n\t\t\t\t\t\t\t<a aria-label=\"profile\" href=\"javascript:void(0)\" data-mfp-src=\"#ekit_team_modal_57f1941_20\" class=\"ekit-team-popup\">\n\t\t\t\n\t\t\t\t<div class=\"profile-header ekit-team-img ekit-img-overlay ekit-team-img-block\"  data-toggle=\"modal\" data-target=\"ekit_team_modal_#57f1941_20\" >\n\t\t\t\t\t<img loading=\"lazy\" decoding=\"async\" width=\"800\" height=\"800\" src=\"https:\/\/congressosindepol.com.br\/2025\/wp-content\/uploads\/2025\/09\/BETINA-ALVES-TEIXEIRA.jpeg\" class=\"attachment-large size-large wp-image-2146\" alt=\"\" srcset=\"https:\/\/congressosindepol.com.br\/2025\/wp-content\/uploads\/2025\/09\/BETINA-ALVES-TEIXEIRA.jpeg 824w, https:\/\/congressosindepol.com.br\/2025\/wp-content\/uploads\/2025\/09\/BETINA-ALVES-TEIXEIRA-300x300.jpeg 300w, https:\/\/congressosindepol.com.br\/2025\/wp-content\/uploads\/2025\/09\/BETINA-ALVES-TEIXEIRA-150x150.jpeg 150w, https:\/\/congressosindepol.com.br\/2025\/wp-content\/uploads\/2025\/09\/BETINA-ALVES-TEIXEIRA-768x768.jpeg 768w\" sizes=\"(max-width: 800px) 100vw, 800px\" \/>\t\t\t\t<\/div><!-- .profile-header END -->\n\t\t\t\t\t\t\t<\/a>\n\t\t\t\n\n\t\t\t\t<div class=\"profile-body\">\n\t\t\t\t\t\n\t\t\t\t\t<h2 class=\"profile-title\">\n\t\t\t\t\t\t\t\t\t\t\t<a aria-label=\"profile\" href=\"javascript:void(0)\" data-mfp-src=\"#ekit_team_modal_57f1941_20\" class=\"ekit-team-popup\">\n\t\t\t\t\t\tBETINA ALVES TEIXEIRA\t\t\t\t\t\t<\/a>\n\t\t\t\t\t\t\t\t\t\t\t<\/h2>\n\t\t\t\t\t<p class=\"profile-designation\">Ver curr\u00edculo<\/p>\n\t\t\t\t\t\t\t\t\t<\/div><!-- .profile-body END -->\n\n\t\t\t\t\t\t\t\t<\/div>\n\t\t\t\t\t\t\t\n\t\t\t\n\t\t\t\t\t<div class=\"zoom-anim-dialog mfp-hide elementskit-team-popup team-popup-id-57f1941\" id=\"ekit_team_modal_57f1941_20\" tabindex=\"-1\" role=\"dialog\" aria-hidden=\"true\">\n\t\t\t\t<div class=\"modal-dialog modal-dialog-centered\" role=\"document\">\n\t\t\t\t\t<div class=\"modal-content\">\n\t\t\t\t\t\t<button type=\"button\" class=\"ekit-team-modal-close\">\n\t\t\t\t\t\t\t<i aria-hidden=\"true\" class=\"fas fa-times\"><\/i>\t\t\t\t\t\t<\/button>\n\n\t\t\t\t\t\t<div class=\"modal-body\">\n\t\t\t\t\t\t\t\t\t\t\t\t\t\t\t<div class=\"ekit-team-modal-img\">\n\t\t\t\t\t\t\t\t\t<img loading=\"lazy\" decoding=\"async\" width=\"800\" height=\"800\" src=\"https:\/\/congressosindepol.com.br\/2025\/wp-content\/uploads\/2025\/09\/BETINA-ALVES-TEIXEIRA.jpeg\" class=\"attachment-large size-large wp-image-2146\" alt=\"\" srcset=\"https:\/\/congressosindepol.com.br\/2025\/wp-content\/uploads\/2025\/09\/BETINA-ALVES-TEIXEIRA.jpeg 824w, https:\/\/congressosindepol.com.br\/2025\/wp-content\/uploads\/2025\/09\/BETINA-ALVES-TEIXEIRA-300x300.jpeg 300w, https:\/\/congressosindepol.com.br\/2025\/wp-content\/uploads\/2025\/09\/BETINA-ALVES-TEIXEIRA-150x150.jpeg 150w, https:\/\/congressosindepol.com.br\/2025\/wp-content\/uploads\/2025\/09\/BETINA-ALVES-TEIXEIRA-768x768.jpeg 768w\" sizes=\"(max-width: 800px) 100vw, 800px\" \/>\t\t\t\t\t\t\t\t<\/div>\n\t\t\t\t\t\t\t\n\t\t\t\t\t\t\t<div class=\"ekit-team-modal-info has-img\">\n\t\t\t\t\t\t\t\t<h2 class=\"ekit-team-modal-title\">BETINA ALVES TEIXEIRA<\/h2>\n\t\t\t\t\t\t\t\t<p class=\"ekit-team-modal-position\">Ver curr\u00edculo<\/p>\n\n\t\t\t\t\t\t\t\t<div class=\"ekit-team-modal-content\">\n\t\t\t\t\t\t\t\t\tPolicial Civil do Estado de Goi\u00e1s com experi\u00eancia no combate ao crime organizado, especializada em investiga\u00e7\u00f5es complexas envolvendo criptoativos e esquemas de lavagem de dinheiro. Possui p\u00f3s-gradua\u00e7\u00e3o em An\u00e1lise de Dados. Atuando na Coordena\u00e7\u00e3o Geral de Combate ao Crime Organizado, atuou por dois anos e cinco meses no N\u00facleo de Opera\u00e7\u00f5es com Criptoativos do Minist\u00e9rio da Justi\u00e7a e Seguran\u00e7a P\u00fablica, integra a Equipe de Apoio a Rede Recupera (Rede Nacional de Recupera\u00e7\u00e3o de Ativos) e faz parte do grupo de trabalho sobre criptoativos do Departamento de Justi\u00e7a dos Estados Unidos (DOJ-USA).<BR \/>\nPossui certifica\u00e7\u00f5es reconhecidas internacionalmente, como Chainalysis Reactor (CRC), Certified Investigator (TRM-CI), Cryptocurrency Fundamentals Certification (TRM-CFC) e Crypto Seizure: Search and Discovery pela TRM Academy, certificada em Mastering Web3 (University of Nicosia\/UNIC) com compet\u00eancia t\u00e9cnica e capacidade de inova\u00e7\u00e3o em opera\u00e7\u00f5es voltadas para o rastreamento e apreens\u00e3o de criptoativos. Participou de opera\u00e7\u00f5es bem-sucedidas e de repercuss\u00e3o, refor\u00e7ando seu combate aos crimes em ambientes digitais. Tem ainda, experi\u00eancia com as ferramentas de intelig\u00eancia em blockchain: Reactor e Storyline \u2013 Chainalysis; TRM Forensics \u2013 TRM; Elliptic, Crystal Blockchain e Inspector \u2013 CipherTrace.\t\t\t\t\t\t\t\t<\/div>\n\n\t\t\t\t\t\t\t\t\n\t\t\t\t\t\t\t\t\t\t\t\t\t\t\t<\/div>\n\t\t\t\t\t\t<\/div>\n\t\t\t\t\t<\/div>\n\t\t\t\t<\/div>\n\t\t\t<\/div>\n\t\t\t\t<\/div>\t\t\t\t<\/div>\n\t\t\t\t<\/div>\n\t\t\t\t\t<\/div>\n\t\t<\/div>\n\t\t\t\t<div class=\"elementor-column elementor-col-25 elementor-top-column elementor-element elementor-element-3229dc4\" data-id=\"3229dc4\" data-element_type=\"column\" data-e-type=\"column\">\n\t\t\t<div class=\"elementor-widget-wrap elementor-element-populated\">\n\t\t\t\t\t\t<div class=\"elementor-element elementor-element-28933d1 elementor-widget elementor-widget-elementskit-team\" data-id=\"28933d1\" data-element_type=\"widget\" data-e-type=\"widget\" data-widget_type=\"elementskit-team.default\">\n\t\t\t\t<div class=\"elementor-widget-container\">\n\t\t\t\t\t<div class=\"ekit-wid-con\">\t\t\t\t\t\t\t\t\n\t\t<div class=\"profile-card elementor-animation- text-center ekit-team-style-default\">\n\t\t\t\t\t\t\t<a aria-label=\"profile\" href=\"javascript:void(0)\" data-mfp-src=\"#ekit_team_modal_28933d1_20\" class=\"ekit-team-popup\">\n\t\t\t\n\t\t\t\t<div class=\"profile-header ekit-team-img ekit-img-overlay ekit-team-img-block\"  data-toggle=\"modal\" data-target=\"ekit_team_modal_#28933d1_20\" >\n\t\t\t\t\t<img loading=\"lazy\" decoding=\"async\" width=\"800\" height=\"800\" src=\"https:\/\/congressosindepol.com.br\/2025\/wp-content\/uploads\/2025\/09\/RAFAEL-LIMA-SILVA-1024x1024.jpeg\" class=\"attachment-large size-large wp-image-2158\" alt=\"\" srcset=\"https:\/\/congressosindepol.com.br\/2025\/wp-content\/uploads\/2025\/09\/RAFAEL-LIMA-SILVA-1024x1024.jpeg 1024w, https:\/\/congressosindepol.com.br\/2025\/wp-content\/uploads\/2025\/09\/RAFAEL-LIMA-SILVA-300x300.jpeg 300w, https:\/\/congressosindepol.com.br\/2025\/wp-content\/uploads\/2025\/09\/RAFAEL-LIMA-SILVA-150x150.jpeg 150w, https:\/\/congressosindepol.com.br\/2025\/wp-content\/uploads\/2025\/09\/RAFAEL-LIMA-SILVA-768x768.jpeg 768w, https:\/\/congressosindepol.com.br\/2025\/wp-content\/uploads\/2025\/09\/RAFAEL-LIMA-SILVA.jpeg 1093w\" sizes=\"(max-width: 800px) 100vw, 800px\" \/>\t\t\t\t<\/div><!-- .profile-header END -->\n\t\t\t\t\t\t\t<\/a>\n\t\t\t\n\n\t\t\t\t<div class=\"profile-body\">\n\t\t\t\t\t\n\t\t\t\t\t<h2 class=\"profile-title\">\n\t\t\t\t\t\t\t\t\t\t\t<a aria-label=\"profile\" href=\"javascript:void(0)\" data-mfp-src=\"#ekit_team_modal_28933d1_20\" class=\"ekit-team-popup\">\n\t\t\t\t\t\tRAFAEL LIMA SILVA\t\t\t\t\t\t<\/a>\n\t\t\t\t\t\t\t\t\t\t\t<\/h2>\n\t\t\t\t\t<p class=\"profile-designation\">Ver curr\u00edculo<\/p>\n\t\t\t\t\t\t\t\t\t<\/div><!-- .profile-body END -->\n\n\t\t\t\t\t\t\t\t<\/div>\n\t\t\t\t\t\t\t\n\t\t\t\n\t\t\t\t\t<div class=\"zoom-anim-dialog mfp-hide elementskit-team-popup team-popup-id-28933d1\" id=\"ekit_team_modal_28933d1_20\" tabindex=\"-1\" role=\"dialog\" aria-hidden=\"true\">\n\t\t\t\t<div class=\"modal-dialog modal-dialog-centered\" role=\"document\">\n\t\t\t\t\t<div class=\"modal-content\">\n\t\t\t\t\t\t<button type=\"button\" class=\"ekit-team-modal-close\">\n\t\t\t\t\t\t\t<i aria-hidden=\"true\" class=\"fas fa-times\"><\/i>\t\t\t\t\t\t<\/button>\n\n\t\t\t\t\t\t<div class=\"modal-body\">\n\t\t\t\t\t\t\t\t\t\t\t\t\t\t\t<div class=\"ekit-team-modal-img\">\n\t\t\t\t\t\t\t\t\t<img loading=\"lazy\" decoding=\"async\" width=\"800\" height=\"800\" src=\"https:\/\/congressosindepol.com.br\/2025\/wp-content\/uploads\/2025\/09\/RAFAEL-LIMA-SILVA-1024x1024.jpeg\" class=\"attachment-large size-large wp-image-2158\" alt=\"\" srcset=\"https:\/\/congressosindepol.com.br\/2025\/wp-content\/uploads\/2025\/09\/RAFAEL-LIMA-SILVA-1024x1024.jpeg 1024w, https:\/\/congressosindepol.com.br\/2025\/wp-content\/uploads\/2025\/09\/RAFAEL-LIMA-SILVA-300x300.jpeg 300w, https:\/\/congressosindepol.com.br\/2025\/wp-content\/uploads\/2025\/09\/RAFAEL-LIMA-SILVA-150x150.jpeg 150w, https:\/\/congressosindepol.com.br\/2025\/wp-content\/uploads\/2025\/09\/RAFAEL-LIMA-SILVA-768x768.jpeg 768w, https:\/\/congressosindepol.com.br\/2025\/wp-content\/uploads\/2025\/09\/RAFAEL-LIMA-SILVA.jpeg 1093w\" sizes=\"(max-width: 800px) 100vw, 800px\" \/>\t\t\t\t\t\t\t\t<\/div>\n\t\t\t\t\t\t\t\n\t\t\t\t\t\t\t<div class=\"ekit-team-modal-info has-img\">\n\t\t\t\t\t\t\t\t<h2 class=\"ekit-team-modal-title\">RAFAEL LIMA SILVA<\/h2>\n\t\t\t\t\t\t\t\t<p class=\"ekit-team-modal-position\">Ver curr\u00edculo<\/p>\n\n\t\t\t\t\t\t\t\t<div class=\"ekit-team-modal-content\">\n\t\t\t\t\t\t\t\t\tGraduado em Ci\u00eancia da Computa\u00e7\u00e3o, Policial Federal desde 2016, com atua\u00e7\u00e3o em investiga\u00e7\u00f5es financeiras complexas e lavagem de dinheiro, com foco em crimes envolvendo criptoativos e an\u00e1lise patrimonial. Docente na ANP -Academia Nacional de Pol\u00edcia, desde 2021, ministrando cursos de investiga\u00e7\u00e3o financeira e criptoativos. Idealizador do LINCE \u2013 Laborat\u00f3rio de Investiga\u00e7\u00e3o de Criptoativos e Exchange \u2013 vinculado \u00e0 Diretoria de Investiga\u00e7\u00e3o e Combate ao Crime Organizado e \u00e0 Corrup\u00e7\u00e3o da Pol\u00edcia Federal. Atualmente atua como Coordenador de Infraestrutura e Seguran\u00e7a da Informa\u00e7\u00e3o no Conselho de Controle de Atividades Financeiras (COAF), liderando projetos estrat\u00e9gicos de desenvolvimento de sistemas e seguran\u00e7a da informa\u00e7\u00e3o.\t\t\t\t\t\t\t\t<\/div>\n\n\t\t\t\t\t\t\t\t\n\t\t\t\t\t\t\t\t\t\t\t\t\t\t\t<\/div>\n\t\t\t\t\t\t<\/div>\n\t\t\t\t\t<\/div>\n\t\t\t\t<\/div>\n\t\t\t<\/div>\n\t\t\t\t<\/div>\t\t\t\t<\/div>\n\t\t\t\t<\/div>\n\t\t\t\t\t<\/div>\n\t\t<\/div>\n\t\t\t\t\t<\/div>\n\t\t<\/section>\n\t\t\t\t<section class=\"elementor-section elementor-top-section elementor-element elementor-element-2284093 elementor-section-boxed elementor-section-height-default elementor-section-height-default\" data-id=\"2284093\" data-element_type=\"section\" data-e-type=\"section\">\n\t\t\t\t\t\t<div class=\"elementor-container elementor-column-gap-default\">\n\t\t\t\t\t<div class=\"elementor-column elementor-col-25 elementor-top-column elementor-element elementor-element-c5c471c\" data-id=\"c5c471c\" data-element_type=\"column\" data-e-type=\"column\">\n\t\t\t<div class=\"elementor-widget-wrap elementor-element-populated\">\n\t\t\t\t\t\t<div class=\"elementor-element elementor-element-a9c1b72 elementor-widget elementor-widget-elementskit-team\" data-id=\"a9c1b72\" data-element_type=\"widget\" data-e-type=\"widget\" data-widget_type=\"elementskit-team.default\">\n\t\t\t\t<div class=\"elementor-widget-container\">\n\t\t\t\t\t<div class=\"ekit-wid-con\">\t\t\t\t\t\t\t\t\n\t\t<div class=\"profile-card elementor-animation- text-center ekit-team-style-default\">\n\t\t\t\t\t\t\t<a aria-label=\"profile\" href=\"javascript:void(0)\" data-mfp-src=\"#ekit_team_modal_a9c1b72_20\" class=\"ekit-team-popup\">\n\t\t\t\n\t\t\t\t<div class=\"profile-header ekit-team-img ekit-img-overlay ekit-team-img-block\"  data-toggle=\"modal\" data-target=\"ekit_team_modal_#a9c1b72_20\" >\n\t\t\t\t\t<img loading=\"lazy\" decoding=\"async\" width=\"500\" height=\"500\" src=\"https:\/\/congressosindepol.com.br\/2025\/wp-content\/uploads\/2025\/10\/IMG_2463-1.jpg\" class=\"attachment-large size-large wp-image-2166\" alt=\"\" srcset=\"https:\/\/congressosindepol.com.br\/2025\/wp-content\/uploads\/2025\/10\/IMG_2463-1.jpg 500w, https:\/\/congressosindepol.com.br\/2025\/wp-content\/uploads\/2025\/10\/IMG_2463-1-300x300.jpg 300w, https:\/\/congressosindepol.com.br\/2025\/wp-content\/uploads\/2025\/10\/IMG_2463-1-150x150.jpg 150w\" sizes=\"(max-width: 500px) 100vw, 500px\" \/>\t\t\t\t<\/div><!-- .profile-header END -->\n\t\t\t\t\t\t\t<\/a>\n\t\t\t\n\n\t\t\t\t<div class=\"profile-body\">\n\t\t\t\t\t\n\t\t\t\t\t<h2 class=\"profile-title\">\n\t\t\t\t\t\t\t\t\t\t\t<a aria-label=\"profile\" href=\"javascript:void(0)\" data-mfp-src=\"#ekit_team_modal_a9c1b72_20\" class=\"ekit-team-popup\">\n\t\t\t\t\t\tGislene Cabral\t\t\t\t\t\t<\/a>\n\t\t\t\t\t\t\t\t\t\t\t<\/h2>\n\t\t\t\t\t<p class=\"profile-designation\">Ver curr\u00edculo<\/p>\n\t\t\t\t\t\t\t\t\t<\/div><!-- .profile-body END -->\n\n\t\t\t\t\t\t\t\t<\/div>\n\t\t\t\t\t\t\t\n\t\t\t\n\t\t\t\t\t<div class=\"zoom-anim-dialog mfp-hide elementskit-team-popup team-popup-id-a9c1b72\" id=\"ekit_team_modal_a9c1b72_20\" tabindex=\"-1\" role=\"dialog\" aria-hidden=\"true\">\n\t\t\t\t<div class=\"modal-dialog modal-dialog-centered\" role=\"document\">\n\t\t\t\t\t<div class=\"modal-content\">\n\t\t\t\t\t\t<button type=\"button\" class=\"ekit-team-modal-close\">\n\t\t\t\t\t\t\t<i aria-hidden=\"true\" class=\"fas fa-times\"><\/i>\t\t\t\t\t\t<\/button>\n\n\t\t\t\t\t\t<div class=\"modal-body\">\n\t\t\t\t\t\t\t\t\t\t\t\t\t\t\t<div class=\"ekit-team-modal-img\">\n\t\t\t\t\t\t\t\t\t<img loading=\"lazy\" decoding=\"async\" width=\"500\" height=\"500\" src=\"https:\/\/congressosindepol.com.br\/2025\/wp-content\/uploads\/2025\/10\/IMG_2463-1.jpg\" class=\"attachment-large size-large wp-image-2166\" alt=\"\" srcset=\"https:\/\/congressosindepol.com.br\/2025\/wp-content\/uploads\/2025\/10\/IMG_2463-1.jpg 500w, https:\/\/congressosindepol.com.br\/2025\/wp-content\/uploads\/2025\/10\/IMG_2463-1-300x300.jpg 300w, https:\/\/congressosindepol.com.br\/2025\/wp-content\/uploads\/2025\/10\/IMG_2463-1-150x150.jpg 150w\" sizes=\"(max-width: 500px) 100vw, 500px\" \/>\t\t\t\t\t\t\t\t<\/div>\n\t\t\t\t\t\t\t\n\t\t\t\t\t\t\t<div class=\"ekit-team-modal-info has-img\">\n\t\t\t\t\t\t\t\t<h2 class=\"ekit-team-modal-title\">Gislene Cabral<\/h2>\n\t\t\t\t\t\t\t\t<p class=\"ekit-team-modal-position\">Ver curr\u00edculo<\/p>\n\n\t\t\t\t\t\t\t\t<div class=\"ekit-team-modal-content\">\n\t\t\t\t\t\t\t\t\tAdvogada, especialista em Governan\u00e7a Corporativa e executiva s\u00eanior com mais de 20 anos de experi\u00eancia em Governan\u00e7a, Mercado Financeiro, Preven\u00e7\u00e3o a Fraudes e ao Crime de Lavagem de Dinheiro e Financiamento ao Terrorismo (PLD-FTP), al\u00e9m de s\u00f3lida atua\u00e7\u00e3o no segmento de Criptoativos.<br \/>\nAtua como Head de Compliance, PLD-FTP, Preven\u00e7\u00e3o a Fraudes e Riscos na NovaDAX e \u00e9 Coordenadora do Comit\u00ea de Compliance da ABCRIPTO, contribuindo ativamente para debates sobre regula\u00e7\u00e3o, integridade e transforma\u00e7\u00e3o digital no ecossistema cripto.<br \/>\nAo longo de sua trajet\u00f3ria, estruturou \u00e1reas de Riscos, Controles Internos e Compliance na maior exchange de criptoativos do Brasil e em grandes conglomerados financeiros, liderando a implementa\u00e7\u00e3o de programas de integridade, governan\u00e7a e PLD-FTP, alinhados \u00e0s melhores pr\u00e1ticas nacionais e internacionais.\t\t\t\t\t\t\t\t<\/div>\n\n\t\t\t\t\t\t\t\t\n\t\t\t\t\t\t\t\t\t\t\t\t\t\t\t<\/div>\n\t\t\t\t\t\t<\/div>\n\t\t\t\t\t<\/div>\n\t\t\t\t<\/div>\n\t\t\t<\/div>\n\t\t\t\t<\/div>\t\t\t\t<\/div>\n\t\t\t\t<\/div>\n\t\t\t\t\t<\/div>\n\t\t<\/div>\n\t\t\t\t<div class=\"elementor-column elementor-col-25 elementor-top-column elementor-element elementor-element-d3e13dc\" data-id=\"d3e13dc\" data-element_type=\"column\" data-e-type=\"column\">\n\t\t\t<div class=\"elementor-widget-wrap\">\n\t\t\t\t\t\t\t<\/div>\n\t\t<\/div>\n\t\t\t\t<div class=\"elementor-column elementor-col-25 elementor-top-column elementor-element elementor-element-3a2021d\" data-id=\"3a2021d\" data-element_type=\"column\" data-e-type=\"column\">\n\t\t\t<div class=\"elementor-widget-wrap\">\n\t\t\t\t\t\t\t<\/div>\n\t\t<\/div>\n\t\t\t\t<div class=\"elementor-column elementor-col-25 elementor-top-column elementor-element elementor-element-a8b19c7\" data-id=\"a8b19c7\" data-element_type=\"column\" data-e-type=\"column\">\n\t\t\t<div class=\"elementor-widget-wrap\">\n\t\t\t\t\t\t\t<\/div>\n\t\t<\/div>\n\t\t\t\t\t<\/div>\n\t\t<\/section>\n\t\t\t\t<\/div>\n\t\t","protected":false},"excerpt":{"rendered":"<p>Ugo Portela Ver curr\u00edculo Ugo Portela Ver curr\u00edculo Ugo Portela &#8211; Services Manager, LATAM Ugo Portela \u00e9 Gerente de Servi\u00e7os para a Am\u00e9rica Latina da Chainalysis, empresa l\u00edder no segmento de an\u00e1lise de blockchain e gest\u00e3o de risco em criptomoedas. Formado em administra\u00e7\u00e3o pela Faculdade de Ci\u00eancias de Administra\u00e7\u00e3o de Pernambuco &#8211; FCAP\/UPE, anteriormente, foi [&hellip;]<\/p>\n","protected":false},"author":1,"featured_media":0,"parent":0,"menu_order":0,"comment_status":"closed","ping_status":"closed","template":"elementor_header_footer","meta":{"footnotes":""},"class_list":["post-20","page","type-page","status-publish","hentry"],"aioseo_notices":[],"_hostinger_reach_plugin_has_subscription_block":false,"_hostinger_reach_plugin_is_elementor":false,"_links":{"self":[{"href":"https:\/\/congressosindepol.com.br\/2025\/wp-json\/wp\/v2\/pages\/20","targetHints":{"allow":["GET"]}}],"collection":[{"href":"https:\/\/congressosindepol.com.br\/2025\/wp-json\/wp\/v2\/pages"}],"about":[{"href":"https:\/\/congressosindepol.com.br\/2025\/wp-json\/wp\/v2\/types\/page"}],"author":[{"embeddable":true,"href":"https:\/\/congressosindepol.com.br\/2025\/wp-json\/wp\/v2\/users\/1"}],"replies":[{"embeddable":true,"href":"https:\/\/congressosindepol.com.br\/2025\/wp-json\/wp\/v2\/comments?post=20"}],"version-history":[{"count":115,"href":"https:\/\/congressosindepol.com.br\/2025\/wp-json\/wp\/v2\/pages\/20\/revisions"}],"predecessor-version":[{"id":2184,"href":"https:\/\/congressosindepol.com.br\/2025\/wp-json\/wp\/v2\/pages\/20\/revisions\/2184"}],"wp:attachment":[{"href":"https:\/\/congressosindepol.com.br\/2025\/wp-json\/wp\/v2\/media?parent=20"}],"curies":[{"name":"wp","href":"https:\/\/api.w.org\/{rel}","templated":true}]}}